{"id":130,"date":"2024-06-17T21:27:34","date_gmt":"2024-06-17T19:27:34","guid":{"rendered":"https:\/\/chantsetnotes.fr\/?page_id=130"},"modified":"2024-08-31T13:07:40","modified_gmt":"2024-08-31T11:07:40","slug":"notre-histoire","status":"publish","type":"page","link":"https:\/\/chantsetnotes.fr\/?page_id=130","title":{"rendered":"Notre Histoire"},"content":{"rendered":"\n<p class=\"has-drop-cap has-accent-color has-text-color has-link-color wp-elements-bc85388fdd8c18181562943288c694c6\">C\u2019est parce qu\u2019il existait une structure dans chaque commune (NOTRE DAME D&rsquo;OE\/ CHANCEAUX SUR CHOISILLE) donnant des cours individuels de musique avec de nombreux instruments enseign\u00e9s, que des personnes motiv\u00e9es, ont souhait\u00e9 cr\u00e9er une nouvelle association intercommunale.<\/p>\n\n\n\n<figure class=\"wp-block-image size-large is-resized is-style-rounded\"><img decoding=\"async\" src=\"https:\/\/chantsetnotes.fr\/wp-content\/uploads\/2024\/06\/cropped-vague-note-musique-affiche-musicale-fond-notes-cle-sol-abstraite-isolee-icones-sonores-illustration-bande-sonore-vectorielle-symphonie-decoration-ligne-musicien-courbe-note-musique_53562-15216-1024x286.jpg\" alt=\"\" class=\"wp-image-22\" style=\"width:742px;height:auto\"\/><\/figure>\n\n\n\n<p class=\"has-accent-color has-text-color has-link-color wp-elements-ac203a56fc735626d8061821ac7068b5\">Ainsi, <strong>en 1991, l&rsquo;Association Ecole Intercommunale de Musique \u00ab\u00a0Chants et Notes de Choisille et d&rsquo;O\u00e9\u00a0\u00bb a \u00e9t\u00e9 cr\u00e9\u00e9e<\/strong> avec comme objectif de d\u00e9velopper le go\u00fbt musical et de propager la musique instrumentale d&rsquo;ensemble par des cours d&rsquo;enseignement publics, individuels et collectifs, ainsi que par toutes manifestations artistiques. <\/p>\n\n\n\n<p>Apr\u00e8s la cr\u00e9ation lors de l&rsquo;ouverture officielle en septembre 1992, 45 instrumentistes et 95 solf\u00e9gistes \u00e9taient inscrits \u00e0 l\u2019association pour suivre les cours de PIANO, SOLFEGE, FLUTE, GUITARE, ACCORDEON, PERCUSSIONS, CLARINETTE et SAXOPHONE\u00a0, encadr\u00e9s par des professeurs (e) dont certains (e) venaient des anciennes structures, et sous la responsabilit\u00e9 d\u2019un directeur.<\/p>\n\n\n\n<p>Les cours \u00e9taient r\u00e9partis sur les deux communes.&nbsp;<\/p>\n\n\n\n<p class=\"has-accent-color has-text-color has-link-color wp-elements-dfb98e7a50e2cc1c786522ad4a5f745f\">En 1992, les cours de chorale adultes et enfants sont cr\u00e9\u00e9s, accueillant 24 personnes.<\/p>\n\n\n\n<p>Les pr\u00e9sentations d\u2019instruments sont r\u00e9alis\u00e9es dans les \u00e9coles des deux communes.<\/p>\n\n\n\n<p>Les examens de fin d\u2019ann\u00e9e sont r\u00e9alis\u00e9s avec des \u00e9preuves nationales. Par ailleurs, des auditions sont r\u00e9alis\u00e9es en d\u00e9cembre et au printemps pour permettre aux \u00e9l\u00e8ves de jouer en public et les aider \u00e0 prendre confiance en eux.<\/p>\n\n\n\n<p class=\"has-accent-color has-text-color has-link-color wp-elements-807ef87098672e19709eaef858a9cd31\">1993 : Ouverture d\u2019un cours de trompette<\/p>\n\n\n\n<p>De nombreuses animations sont mises en place avec les associations locales, notamment avec les AMIS DE LA MUSIQUE. Des th\u00e9s dansants sont \u00e9galement organis\u00e9s.<\/p>\n\n\n\n<p>En Juin 1994&nbsp;: on compte 93 \u00e9l\u00e8ves musiciens, 26 choristes, 18 personnes dans l\u2019orchestre de l\u2019\u00e9cole<\/p>\n\n\n\n<p class=\"has-accent-color has-text-color has-link-color wp-elements-185739a37a0b27df56ba7daee850d3ba\">En 1995&nbsp;: Un op\u00e9ra pour enfants est mont\u00e9&nbsp;: Dr JEKILL et Mister HAYDN avec beaucoup de succ\u00e8s !<\/p>\n\n\n\n<p>Cr\u00e9ation de groupes de musique d\u2019ensemble<\/p>\n\n\n\n<p>Juin 1996&nbsp;: 117 \u00e9l\u00e8ves fr\u00e9quentent l\u2019\u00e9cole&nbsp;: 90 en Formation Musicale, 79 instrumentistes, 12 choristes adultes, 28 choristes enfants, 17 \u00e9l\u00e8ves \u00e0 l\u2019orchestre, et 6 \u00e9l\u00e8ves adultes percussionnistes avec la cr\u00e9ation d\u2019un atelier PERCUSSIONS.<\/p>\n\n\n\n<p>Ouverture d\u2019un cours d\u2019ART THERAPIE avec un professeur en formation.<\/p>\n\n\n\n<p class=\"has-accent-color has-text-color has-link-color wp-elements-2b20c4f56d1ee485e5bc657a07f1ffbb\">Un nouvel op\u00e9ra pour enfants est mont\u00e9&nbsp;: ATHANOR qui a obtenu un franc succ\u00e8s, tant au niveau musical qu\u2019au niveau des d\u00e9cors r\u00e9alis\u00e9s.<\/p>\n\n\n\n<p>1998\u00a0: Premier concert des professeurs organis\u00e9 et Premi\u00e8re participation de la chorale adultes aux RENCONTRES DE CHANT CHORAL du canton. Cr\u00e9ation d\u2019une fiche de poste pour professeur et directeur<\/p>\n\n\n\n<p class=\"has-accent-color has-text-color has-link-color wp-elements-1e82bffa010b617f52a5bf3b41876b65\">1999&nbsp;: Mise en place de la convention collective pour les professeurs.<\/p>\n\n\n\n<p>Durant les ann\u00e9es 2000, les effectifs des \u00e9l\u00e8ves ont connu un l\u00e9ger d\u00e9clin pour finalement s&rsquo;accro\u00eetre et permettre \u00e0 l&rsquo;association de poursuivre ses objectifs.<\/p>\n\n\n\n<p class=\"has-contrast-color has-text-color has-link-color wp-elements-e1b8cfb9e6fb92aaa0108f480c09b951\"><strong>Aujourd&rsquo;hui, l&rsquo;Association \u00ab\u00a0Chants et Notes de Choisille et d&rsquo;O\u00e9\u00a0\u00bb continue son action avec dynamisme en proposant des cours vari\u00e9s pour tout public et de belles manifestations artistiques, participant ainsi \u00e0 la vie culturelle et artistique du territoire.<\/strong><\/p>\n\n\n<div class=\"wp-block-image\">\n<figure class=\"aligncenter size-full is-resized\"><img loading=\"lazy\" decoding=\"async\" width=\"512\" height=\"512\" src=\"https:\/\/chantsetnotes.fr\/wp-content\/uploads\/2024\/06\/cropped-IMG_6381-1.jpg\" alt=\"\" class=\"wp-image-23\" style=\"width:269px;height:auto\" srcset=\"https:\/\/chantsetnotes.fr\/wp-content\/uploads\/2024\/06\/cropped-IMG_6381-1.jpg 512w, https:\/\/chantsetnotes.fr\/wp-content\/uploads\/2024\/06\/cropped-IMG_6381-1-300x300.jpg 300w, https:\/\/chantsetnotes.fr\/wp-content\/uploads\/2024\/06\/cropped-IMG_6381-1-150x150.jpg 150w, https:\/\/chantsetnotes.fr\/wp-content\/uploads\/2024\/06\/cropped-IMG_6381-1-270x270.jpg 270w, https:\/\/chantsetnotes.fr\/wp-content\/uploads\/2024\/06\/cropped-IMG_6381-1-192x192.jpg 192w, https:\/\/chantsetnotes.fr\/wp-content\/uploads\/2024\/06\/cropped-IMG_6381-1-180x180.jpg 180w, https:\/\/chantsetnotes.fr\/wp-content\/uploads\/2024\/06\/cropped-IMG_6381-1-32x32.jpg 32w\" sizes=\"auto, (max-width: 512px) 100vw, 512px\" \/><\/figure>\n<\/div>\n\n\n<p><\/p>\n","protected":false},"excerpt":{"rendered":"<p>C\u2019est parce qu\u2019il existait une structure dans chaque commune (NOTRE DAME D&rsquo;OE\/ CHANCEAUX SUR CHOISILLE) donnant des cours individuels de musique avec de nombreux instruments enseign\u00e9s, que des personnes motiv\u00e9es, &#8230; <a title=\"Notre Histoire\" class=\"read-more\" href=\"https:\/\/chantsetnotes.fr\/?page_id=130\" aria-label=\"En savoir plus sur Notre Histoire\">Lire la suite<\/a><\/p>\n","protected":false},"author":1,"featured_media":0,"parent":0,"menu_order":0,"comment_status":"closed","ping_status":"closed","template":"","meta":{"_EventAllDay":false,"_EventTimezone":"","_EventStartDate":"","_EventEndDate":"","_EventStartDateUTC":"","_EventEndDateUTC":"","_EventShowMap":false,"_EventShowMapLink":false,"_EventURL":"","_EventCost":"","_EventCostDescription":"","_EventCurrencySymbol":"","_EventCurrencyCode":"","_EventCurrencyPosition":"","_EventDateTimeSeparator":"","_EventTimeRangeSeparator":"","_EventOrganizerID":[],"_EventVenueID":[],"_OrganizerEmail":"","_OrganizerPhone":"","_OrganizerWebsite":"","_VenueAddress":"","_VenueCity":"","_VenueCountry":"","_VenueProvince":"","_VenueState":"","_VenueZip":"","_VenuePhone":"","_VenueURL":"","_VenueStateProvince":"","_VenueLat":"","_VenueLng":"","_VenueShowMap":false,"_VenueShowMapLink":false,"footnotes":""},"class_list":["post-130","page","type-page","status-publish"],"_links":{"self":[{"href":"https:\/\/chantsetnotes.fr\/index.php?rest_route=\/wp\/v2\/pages\/130","targetHints":{"allow":["GET"]}}],"collection":[{"href":"https:\/\/chantsetnotes.fr\/index.php?rest_route=\/wp\/v2\/pages"}],"about":[{"href":"https:\/\/chantsetnotes.fr\/index.php?rest_route=\/wp\/v2\/types\/page"}],"author":[{"embeddable":true,"href":"https:\/\/chantsetnotes.fr\/index.php?rest_route=\/wp\/v2\/users\/1"}],"replies":[{"embeddable":true,"href":"https:\/\/chantsetnotes.fr\/index.php?rest_route=%2Fwp%2Fv2%2Fcomments&post=130"}],"version-history":[{"count":6,"href":"https:\/\/chantsetnotes.fr\/index.php?rest_route=\/wp\/v2\/pages\/130\/revisions"}],"predecessor-version":[{"id":191,"href":"https:\/\/chantsetnotes.fr\/index.php?rest_route=\/wp\/v2\/pages\/130\/revisions\/191"}],"wp:attachment":[{"href":"https:\/\/chantsetnotes.fr\/index.php?rest_route=%2Fwp%2Fv2%2Fmedia&parent=130"}],"curies":[{"name":"wp","href":"https:\/\/api.w.org\/{rel}","templated":true}]}}